{"id":399,"date":"2023-03-30T16:14:26","date_gmt":"2023-03-30T14:14:26","guid":{"rendered":"https:\/\/dev.123fahrschule.de\/?page_id=399"},"modified":"2025-12-08T12:53:56","modified_gmt":"2025-12-08T11:53:56","slug":"aufbauseminar-fuer-fahranfaenger","status":"publish","type":"page","link":"https:\/\/www.123fahrschule.de\/unser-angebot\/aufbauseminar-fuer-fahranfaenger","title":{"rendered":"Aufbauseminar f\u00fcr Fahranf\u00e4nger"},"content":{"rendered":"\n<div class=\"hero-slider__container  checkbox-bullets \"\n     data-slider-interval=\"5000\">\n    <div class=\"hero-slider__wrapper swiper-wrapper\">\n\n        \n                <div class=\"hero-slider__slide swiper-slide  shadow-left  one-slide \"\n\n                                             style=\"--hero-slider-background: url('https:\/\/media.123fahrschule.de\/wp-content\/uploads\/2025\/08\/27171655\/aufbauseminar-header.webp');                                   --hero-slider-background-mobile: url('https:\/\/media.123fahrschule.de\/wp-content\/uploads\/2025\/08\/27171655\/aufbauseminar-header.webp');\n                               \"\n                                     >\n\n                    \n                            <div class=\"hero-slider__slide__text-content\">\n\n                                <h1>AUFBAUSEMINAR (ASF)<\/h1>\n                                    <div class=\"hero-slider__slide__subtitle body1 \">\n                                        <p><strong>SICHER DIR JETZT DEINEN ASF-TERMIN<\/strong><\/p>\n<p><strong>Bereits ab 279\u202f\u20ac!<\/strong><\/p>\n<ul>\n<li>4 Gruppensitzungen \u00e0 135 Minuten<\/li>\n<li>1 Fahrprobe \u00e0 45 Minuten<\/li>\n<\/ul>\n<p>&nbsp;<\/p>\n<h6><\/h6>\n                                    <\/div>\n\n                                                            <\/div>\n\n                        \n                    <figure class=\"hero-slider__slide__icon \">\n\n                        <img loading=\"lazy\" decoding=\"async\" width=\"322\" height=\"322\" src=\"https:\/\/media.123fahrschule.de\/wp-content\/uploads\/2025\/08\/19111218\/Gruppe-176148-1.png\" class=\"\" alt=\"St\u00f6rer in orange mit verlauf. Drauf steht &quot;Jetzt ab 279\u20ac&quot;.\" draggable=\"false\" srcset=\"https:\/\/media.123fahrschule.de\/wp-content\/uploads\/2025\/08\/19111218\/Gruppe-176148-1.png 322w, https:\/\/media.123fahrschule.de\/wp-content\/uploads\/2025\/08\/19111218\/Gruppe-176148-1-300x300.png 300w, https:\/\/media.123fahrschule.de\/wp-content\/uploads\/2025\/08\/19111218\/Gruppe-176148-1-150x150.png 150w\" sizes=\"auto, (max-width: 322px) 100vw, 322px\" \/>\n                    <\/figure>\n\n                    \n                            <div class=\"hero-slider__slide__buttons \">\n\n                                \n                                                                    <a href=\"https:\/\/signup.123fahrschule.de\/new_student\/asf\"\n                                       class=\"button__fill\">\n                                        ONLINE ANMELDEN                                    <\/a>\n                                \n                            <\/div>\n\n                    \n<!--                    <figure class=\"hero-slider__slide__icon --><!--\">-->\n<!---->\n<!--                        --><!---->\n<!--                    <\/figure>-->\n                <\/div>\n\n            \n    <\/div>\n    <div class=\"hero-slider__pagination swiper-pagination \">\n    <\/div>\n<\/div>\n\n\n\n<div class=\"wp-block-columns icon-images has-background is-layout-flex wp-container-core-columns-is-layout-9d6595d7 wp-block-columns-is-layout-flex\" style=\"background-color:#f9f9f9\">\n<div class=\"wp-block-column is-layout-flow wp-block-column-is-layout-flow\">\n<figure class=\"wp-block-image size-full\"><img loading=\"lazy\" decoding=\"async\" width=\"709\" height=\"719\" src=\"https:\/\/media.123fahrschule.de\/wp-content\/uploads\/2025\/12\/08114755\/ntv-DBA25-GS-Fahrschulen-123fahrschule2025-1.png\" alt=\"\" class=\"wp-image-36455\" srcset=\"https:\/\/media.123fahrschule.de\/wp-content\/uploads\/2025\/12\/08114755\/ntv-DBA25-GS-Fahrschulen-123fahrschule2025-1.png 709w, https:\/\/media.123fahrschule.de\/wp-content\/uploads\/2025\/12\/08114755\/ntv-DBA25-GS-Fahrschulen-123fahrschule2025-1-296x300.png 296w\" sizes=\"auto, (max-width: 709px) 100vw, 709px\" \/><\/figure>\n<\/div>\n\n\n\n<div class=\"wp-block-column is-layout-flow wp-block-column-is-layout-flow\">\n<div class=\"trustpilot-widget\" data-locale=\"de-DE\" data-template-id=\"53aa8807dec7e10d38f59f32\" data-businessunit-id=\"5ee12c35e588e700019ad04c\" data-style-height=\"150px\" data-style-width=\"150px\" data-theme=\"light\" style=\"display: flex; justify-content: center;\"><\/div>\n<script type=\"text\/javascript\" src=\"\/\/widget.trustpilot.com\/bootstrap\/v5\/tp.widget.bootstrap.min.js\" defer><\/script>\n<\/div>\n\n\n\n<div class=\"wp-block-column is-layout-flow wp-block-column-is-layout-flow\">\n<figure class=\"wp-block-image size-full\"><a href=\"https:\/\/www.provenexpert.com\/123fahrschule-holding-gmbh\/\"><img loading=\"lazy\" decoding=\"async\" width=\"720\" height=\"720\" src=\"https:\/\/media.123fahrschule.de\/wp-content\/uploads\/2025\/03\/04162126\/award.png\" alt=\"Top Dienstleister 2025 von Proven Expert\" class=\"wp-image-33531\" srcset=\"https:\/\/media.123fahrschule.de\/wp-content\/uploads\/2025\/03\/04162126\/award.png 720w, https:\/\/media.123fahrschule.de\/wp-content\/uploads\/2025\/03\/04162126\/award-300x300.png 300w, https:\/\/media.123fahrschule.de\/wp-content\/uploads\/2025\/03\/04162126\/award-150x150.png 150w\" sizes=\"auto, (max-width: 720px) 100vw, 720px\" \/><\/a><\/figure>\n<\/div>\n\n\n\n<div class=\"wp-block-column is-layout-flow wp-block-column-is-layout-flow\">\n<figure class=\"wp-block-image size-full\"><img loading=\"lazy\" decoding=\"async\" width=\"300\" height=\"125\" src=\"https:\/\/media.123fahrschule.de\/wp-content\/uploads\/2025\/01\/17153833\/DVR-1.webp\" alt=\"DVR Deutscher Verkehrssicherheitsrat\" class=\"wp-image-32068\"\/><\/figure>\n<\/div>\n<\/div>\n\n\n\n<div style=\"display: flex; justify-content: center; align-items: center; width: 100%; padding: 16px; text-align: center; background-color: #f9f9f9;\">\n<p>Wir bieten ausschlie\u00dflich Aufbauseminare nach \u00a7 35 Abs. 1 und 2 FeV an. Besondere Aufbauseminare bei Alkohol &amp; Drogenverst\u00f6\u00dfen bieten wir nicht an (d. h. keine Aufbauseminare nach \u00a7 36 FeV)<\/p>\n<\/div>\n\n\n\n<div class=\"icon-cardshelf-container \">\n\n            <div class=\"icon-cardshelf-headlines\">\n\n                            <h2 class=\"icon-cardshelf-title\">Aufbauseminar f\u00fcr Fahranf\u00e4nger<\/h2>\n            \n                            <p class=\"icon-cardshelf-subtitle body1\">Starte noch heute online und fahre schnellstm\u00f6glich wieder sicher auf der Stra\u00dfe. <\/p>\n            \n        <\/div>\n    \n    <div class=\"icon-cardshelf-content\">\n\n        \n                <a href=\"https:\/\/signup.123fahrschule.de\/new_student\/asf\" target=\"_blank\" rel=\"noopener noreferrer\"                         class=\"icon-cardshelf-content__item\">\n                    <div>\n\n                                                    <img decoding=\"async\" src=\"https:\/\/media.123fahrschule.de\/wp-content\/uploads\/2024\/12\/17103913\/Termin-auswaehlen-1.png?format=webp\"\n                                 alt=\"icon Terminkalender\"\n                                 class=\"icon-cardshelf-content__item_icon\">\n                        \n                    <\/div>\n                    <div class=\"icon-cardshelf-content__item_text\">\n                        <div>\n\n                                                            <h5>\n                                    Termin ausw\u00e4hlen \n                                <\/h5>\n                            \n                            \n                        <\/div>\n\n                                                    <svg xmlns=\"http:\/\/www.w3.org\/2000\/svg\" width=\"49\"\n                                 height=\"48\" viewBox=\"0 0 49 48\" fill=\"none\">\n                                <rect x=\"1.16602\" y=\"0.5\" width=\"47\" height=\"47\" rx=\"23.5\" stroke=\"#1D242A\"\/>\n                                <path d=\"M24.666 16L23.256 17.41L28.836 23H16.666V25H28.836L23.256\n                                         30.59L24.666 32L32.666 24L24.666 16Z\"\n                                      fill=\"#1D242A\"\/>\n                            <\/svg>\n                        \n                    <\/div>\n                <\/a>\n\n            \n                <a href=\"https:\/\/signup.123fahrschule.de\/new_student\/asf\" target=\"_blank\" rel=\"noopener noreferrer\"                         class=\"icon-cardshelf-content__item\">\n                    <div>\n\n                                                    <img decoding=\"async\" src=\"https:\/\/media.123fahrschule.de\/wp-content\/uploads\/2024\/12\/17103914\/Online-anmelden-1.png?format=webp\"\n                                 alt=\"Icon Laptop Online-Log-In einer Fahrschule\"\n                                 class=\"icon-cardshelf-content__item_icon\">\n                        \n                    <\/div>\n                    <div class=\"icon-cardshelf-content__item_text\">\n                        <div>\n\n                                                            <h5>\n                                    Online anmelden\n                                <\/h5>\n                            \n                            \n                        <\/div>\n\n                                                    <svg xmlns=\"http:\/\/www.w3.org\/2000\/svg\" width=\"49\"\n                                 height=\"48\" viewBox=\"0 0 49 48\" fill=\"none\">\n                                <rect x=\"1.16602\" y=\"0.5\" width=\"47\" height=\"47\" rx=\"23.5\" stroke=\"#1D242A\"\/>\n                                <path d=\"M24.666 16L23.256 17.41L28.836 23H16.666V25H28.836L23.256\n                                         30.59L24.666 32L32.666 24L24.666 16Z\"\n                                      fill=\"#1D242A\"\/>\n                            <\/svg>\n                        \n                    <\/div>\n                <\/a>\n\n            \n                <a href=\"https:\/\/signup.123fahrschule.de\/new_student\/asf\" target=\"_blank\" rel=\"noopener noreferrer\"                         class=\"icon-cardshelf-content__item\">\n                    <div>\n\n                                                    <img decoding=\"async\" src=\"https:\/\/media.123fahrschule.de\/wp-content\/uploads\/2024\/12\/17103913\/Schnell-abschliessen-1.png?format=webp\"\n                                 alt=\"Icon Theorieunterricht\"\n                                 class=\"icon-cardshelf-content__item_icon\">\n                        \n                    <\/div>\n                    <div class=\"icon-cardshelf-content__item_text\">\n                        <div>\n\n                                                            <h5>\n                                    Schnell abschlie\u00dfen\n                                <\/h5>\n                            \n                            \n                        <\/div>\n\n                                                    <svg xmlns=\"http:\/\/www.w3.org\/2000\/svg\" width=\"49\"\n                                 height=\"48\" viewBox=\"0 0 49 48\" fill=\"none\">\n                                <rect x=\"1.16602\" y=\"0.5\" width=\"47\" height=\"47\" rx=\"23.5\" stroke=\"#1D242A\"\/>\n                                <path d=\"M24.666 16L23.256 17.41L28.836 23H16.666V25H28.836L23.256\n                                         30.59L24.666 32L32.666 24L24.666 16Z\"\n                                      fill=\"#1D242A\"\/>\n                            <\/svg>\n                        \n                    <\/div>\n                <\/a>\n\n            \n    <\/div>\n<\/div>\n\n\n\n<div class=\"text-area-container  image-background \"\n     style=\"background-image: url(https:\/\/media.123fahrschule.de\/wp-content\/uploads\/2024\/12\/12210925\/shutterstock_2214770531-scaled.jpg?format=webp);\">\n    <div class=\"text-area_content\">\n        <div class=\"text-area_headlines\">\n\n            <h2 class=\"text-area_title\"><p>Jetzt Aufbauseminar starten<\/p>\n<\/h2>\n            <div class=\"text-area_subtitle subline\">\n                            <\/div>\n\n        <\/div>\n        <div class=\"text-area_paragraph\">\n            <p>4 Gruppensitzungen \u00e0 135 Minuten + 1 Fahrprobe \u00e0 45 Minuten<\/p>\n        <\/div>\n    <\/div>\n    <div class=\"text-area-buttons\">\n\n                            <a href=\"https:\/\/signup.123fahrschule.de\/new_student\/asf\"\n\n                        target=\"_blank\" rel=\"noopener noreferrer\" \n                       class=\"text-area__button-fill\">\n                        Jetzt anmelden                    <\/a>\n                \n    <\/div>\n<\/div>\n\n\n\n<div class=\"wp-block-media-text alignwide has-media-on-the-right is-stacked-on-mobile\"><div class=\"wp-block-media-text__content\">\n<h2 class=\"wp-block-heading\" id=\"h-ablauf-des-aufbauseminars\">Ablauf des Aufbauseminars<\/h2>\n\n\n\n<h3 class=\"wp-block-heading\" id=\"h-1-vier-gruppensitzungen\">1. Vier Gruppensitzungen:<\/h3>\n\n\n\n<p><strong>Dauer:<\/strong> jeweils 135 Minuten<br><strong>Inhalt:<\/strong> Diskussion von Verkehrsverhalten, Identifikation von Gefahren und Erarbeitung von Verbesserungsm\u00f6glichkeiten.<\/p>\n\n\n\n<h3 class=\"wp-block-heading\">2. Eine Fahrprobe:<\/h3>\n\n\n\n<p><strong>Dauer:<\/strong> ca. 30 Minuten<br><strong>Ziel:<\/strong> Analyse des Fahrverhaltens im Stra\u00dfenverkehr mit anschlie\u00dfender Besprechung.<\/p>\n\n\n\n<div class=\"wp-block-buttons is-layout-flex wp-block-buttons-is-layout-flex\">\n<div class=\"wp-block-button aligncenter\"><a class=\"wp-block-button__link wp-element-button\" href=\"https:\/\/signup.123fahrschule.de\/new_student\/asf\">JETZT ANMELDEN<\/a><\/div>\n<\/div>\n<\/div><figure class=\"wp-block-media-text__media\"><img loading=\"lazy\" decoding=\"async\" width=\"1024\" height=\"683\" src=\"https:\/\/media.123fahrschule.de\/wp-content\/uploads\/2023\/03\/30160843\/header-asf-kurs-lehrer-1-1024x683.jpg\" alt=\"Fahrlehrer unterrichtet in der Theorie\" class=\"wp-image-1176 size-full\" srcset=\"https:\/\/media.123fahrschule.de\/wp-content\/uploads\/2023\/03\/30160843\/header-asf-kurs-lehrer-1-1024x683.jpg 1024w, https:\/\/media.123fahrschule.de\/wp-content\/uploads\/2023\/03\/30160843\/header-asf-kurs-lehrer-1-300x200.jpg 300w, https:\/\/media.123fahrschule.de\/wp-content\/uploads\/2023\/03\/30160843\/header-asf-kurs-lehrer-1-768x512.jpg 768w, https:\/\/media.123fahrschule.de\/wp-content\/uploads\/2023\/03\/30160843\/header-asf-kurs-lehrer-1-1536x1024.jpg 1536w, https:\/\/media.123fahrschule.de\/wp-content\/uploads\/2023\/03\/30160843\/header-asf-kurs-lehrer-1-2048x1366.jpg 2048w\" sizes=\"auto, (max-width: 1024px) 100vw, 1024px\" \/><\/figure><\/div>\n\n\n\n<div class=\"wp-block-media-text alignwide is-stacked-on-mobile\"><figure class=\"wp-block-media-text__media\"><img loading=\"lazy\" decoding=\"async\" width=\"1024\" height=\"683\" src=\"https:\/\/www.123fahrschule.de\/wp-content\/uploads\/2024\/11\/DSC01712-1024x683.jpg\" alt=\"\" class=\"wp-image-30888 size-full\" srcset=\"https:\/\/www.123fahrschule.de\/wp-content\/uploads\/2024\/11\/DSC01712-1024x683.jpg 1024w, https:\/\/www.123fahrschule.de\/wp-content\/uploads\/2024\/11\/DSC01712-300x200.jpg 300w, https:\/\/www.123fahrschule.de\/wp-content\/uploads\/2024\/11\/DSC01712-768x512.jpg 768w, https:\/\/www.123fahrschule.de\/wp-content\/uploads\/2024\/11\/DSC01712-1536x1025.jpg 1536w\" sizes=\"auto, (max-width: 1024px) 100vw, 1024px\" \/><\/figure><div class=\"wp-block-media-text__content\">\n<h2 class=\"wp-block-heading\" id=\"h-aufbauseminar-fur-fahranfanger\">Aufbauseminar f\u00fcr Fahranf\u00e4nger<\/h2>\n\n\n\n<h5 class=\"wp-block-heading\" id=\"h-darum-geht-s\">Darum geht&#8217;s:<\/h5>\n\n\n\n<p>Wer innerhalb der 2-j\u00e4hrigen Probezeit auff\u00e4llig wird, muss an einem Aufbauseminar f\u00fcr Fahranf\u00e4nger teilnehmen. Das Seminar soll Fahranf\u00e4nger unterst\u00fctzen ihr Fahrverhalten zu \u00e4ndern und sich zuk\u00fcnftig im Stra\u00dfenverkehr vorschriftsm\u00e4\u00dfig zu verhalten.<\/p>\n\n\n\n<div class=\"wp-block-buttons is-layout-flex wp-block-buttons-is-layout-flex\">\n<div class=\"wp-block-button\"><a class=\"wp-block-button__link wp-element-button\" href=\"https:\/\/signup.123fahrschule.de\/new_student\/asf\">ONLINE ANMELDEN<\/a><\/div>\n<\/div>\n<\/div><\/div>\n\n\n\n<div class=\"text-area-container  image-background \"\n     style=\"background-image: url(https:\/\/media.123fahrschule.de\/wp-content\/uploads\/2024\/12\/12210925\/shutterstock_2214770531-scaled.jpg?format=webp);\">\n    <div class=\"text-area_content\">\n        <div class=\"text-area_headlines\">\n\n            <h2 class=\"text-area_title\"><p>Jetzt Aufbauseminar starten<\/p>\n<\/h2>\n            <div class=\"text-area_subtitle subline\">\n                            <\/div>\n\n        <\/div>\n        <div class=\"text-area_paragraph\">\n            <p>4 Gruppensitzungen \u00e0 135 Minuten + 1 Fahrprobe \u00e0 45 Minuten<\/p>\n        <\/div>\n    <\/div>\n    <div class=\"text-area-buttons\">\n\n                            <a href=\"https:\/\/signup.123fahrschule.de\/new_student\/asf\"\n\n                        target=\"_blank\" rel=\"noopener noreferrer\" \n                       class=\"text-area__button-fill\">\n                        Jetzt anmelden                    <\/a>\n                \n    <\/div>\n<\/div>\n\n\n\n<div class=\"wp-block-media-text alignwide has-media-on-the-right is-stacked-on-mobile\"><div class=\"wp-block-media-text__content\">\n<h2 class=\"wp-block-heading\" id=\"h-besonderes-aufbauseminar\">Besonderes Aufbauseminar <br><\/h2>\n\n\n\n<p><strong>Bei Alkohol- &amp; Drogen-Verst\u00f6\u00dfen<\/strong><\/p>\n\n\n\n<p>Diese Form von Aufbauseminar bieten wir <strong>nicht <\/strong>an:&nbsp;<br>Wer in der Probezeit gegen die&nbsp;<strong>0-Promille-Grenze<\/strong>&nbsp;verst\u00f6\u00dft, muss an einem besonderen Aufbauseminar teilnehmen. Im Gegensatz zu den normalen ASF-Seminaren, ist bei Nachschulungen wegen Alkohol- und Drogen-Verst\u00f6\u00dfen immer ein&nbsp;<strong>Verkehrspsychologe<\/strong>&nbsp;anwesend.<\/p>\n<\/div><figure class=\"wp-block-media-text__media\"><img loading=\"lazy\" decoding=\"async\" width=\"800\" height=\"534\" src=\"https:\/\/media.123fahrschule.de\/wp-content\/uploads\/2025\/06\/30153035\/DSC02554-Kopie-2.jpg\" alt=\"\" class=\"wp-image-34782 size-full\" srcset=\"https:\/\/media.123fahrschule.de\/wp-content\/uploads\/2025\/06\/30153035\/DSC02554-Kopie-2.jpg 800w, https:\/\/media.123fahrschule.de\/wp-content\/uploads\/2025\/06\/30153035\/DSC02554-Kopie-2-300x200.jpg 300w, https:\/\/media.123fahrschule.de\/wp-content\/uploads\/2025\/06\/30153035\/DSC02554-Kopie-2-768x513.jpg 768w\" sizes=\"auto, (max-width: 800px) 100vw, 800px\" \/><\/figure><\/div>\n\n\n\n<hr class=\"wp-block-separator has-alpha-channel-opacity\"\/>\n\n\n\n<h2 class=\"wp-block-heading has-text-align-center\" id=\"h-faqs-aufbauseminar-fur-fahranfanger-asf\">FAQs Aufbauseminar f\u00fcr Fahranf\u00e4nger (ASF)<\/h2>\n\n\n<div class=\"faq-accordion-container  two-columns \">\n    \n        <div class=\"faq-accordion-two-column\">\n            \n                <div itemscope itemprop=\"mainEntity\" itemtype=\"https:\/\/schema.org\/Question\">\n                    <button class=\"faq-accordion-question\">\n                        <div itemprop=\"name\">Was erwartet mich bei der Nachschulung ASF?<\/div>\n                        <svg xmlns=\"http:\/\/www.w3.org\/2000\/svg\"\n                             width=\"20\"\n                             height=\"14\"\n                             viewBox=\"0 0 20 14\"\n                             fill=\"none\">\n                            <path d=\"M2.35 0.81665L10 8.44998L17.65 0.81665L20\n                                     3.16665L10 13.1666L0 3.16665L2.35 0.81665Z\"\n                                  fill=\"#222222\"\/>\n                        <\/svg>\n                    <\/button>\n                    <div class=\"faq-accordion-panel\"\n                         itemscope\n                         itemprop=\"acceptedAnswer\"\n                         itemtype=\"https:\/\/schema.org\/Answer\">\n                        <div itemprop=\"text\">\n                            <div class=\"\">\n                                <p>Es gibt beim Aufbauseminar zu Dauer und Ablauf der Nachschulung genaue Vorgaben von der Fahrerlaubnis-Verordnung. Das ASF-Seminar findet mit 6 bis 12 Teilnehmern statt. Die jungen Verkehrss\u00fcnder m\u00fcssen an\u00a0<strong>4 Sitzungen \u00e1 135 Minuten<\/strong>\u00a0teilnehmen, welche in einem Zeitraum von 2 bis 4 Wochen stattfinden. Pro Tag darf jedoch nur eine ASF-Sitzung besucht werden.<\/p>\n<p>Zwischen der ersten und der zweiten ASF-Sitzung muss\u00a0<strong>eine Fahrprobe<\/strong>\u00a0abgelegt werden, die in Gruppen von maximal 3 Teilnehmern stattfindet.\u00a0Diese m\u00fcssen jeweils 45 Minuten mit einem Fahrzeug genau der Fahrzeugklasse fahren, mit der sie den Versto\u00df, der zur Anordnung des ASF-Seminars gef\u00fchrt hat, begangen haben.<\/p>\n                            <\/div>\n                        <\/div>\n                    <\/div>\n                <\/div>\n\n            \n                <div itemscope itemprop=\"mainEntity\" itemtype=\"https:\/\/schema.org\/Question\">\n                    <button class=\"faq-accordion-question\">\n                        <div itemprop=\"name\">Was passiert, wenn ich nicht am Aufbauseminar teilnehme?<\/div>\n                        <svg xmlns=\"http:\/\/www.w3.org\/2000\/svg\"\n                             width=\"20\"\n                             height=\"14\"\n                             viewBox=\"0 0 20 14\"\n                             fill=\"none\">\n                            <path d=\"M2.35 0.81665L10 8.44998L17.65 0.81665L20\n                                     3.16665L10 13.1666L0 3.16665L2.35 0.81665Z\"\n                                  fill=\"#222222\"\/>\n                        <\/svg>\n                    <\/button>\n                    <div class=\"faq-accordion-panel\"\n                         itemscope\n                         itemprop=\"acceptedAnswer\"\n                         itemtype=\"https:\/\/schema.org\/Answer\">\n                        <div itemprop=\"text\">\n                            <div class=\"\">\n                                <p>Wer nicht innerhalb der festgelegten Frist an einer Nachschulung teilnimmt und die Bescheinigung einreicht, bekommt die Fahrerlaubnis entzogen. Der Entzug der Fahrerlaubnis wird erst wieder aufgehoben, wenn das Seminar erfolgreich absolviert wurde. Wer in der Zwischenzeit dennoch ein Kraftfahrzeug f\u00fchrt, begeht eine Straftat und wird dementsprechend strafrechtlich belangt.<\/p>\n                            <\/div>\n                        <\/div>\n                    <\/div>\n                <\/div>\n\n            \n                <div itemscope itemprop=\"mainEntity\" itemtype=\"https:\/\/schema.org\/Question\">\n                    <button class=\"faq-accordion-question\">\n                        <div itemprop=\"name\">Darf man Sitzungen f\u00fcr Aufbauseminar an einem Tag absolvieren?<\/div>\n                        <svg xmlns=\"http:\/\/www.w3.org\/2000\/svg\"\n                             width=\"20\"\n                             height=\"14\"\n                             viewBox=\"0 0 20 14\"\n                             fill=\"none\">\n                            <path d=\"M2.35 0.81665L10 8.44998L17.65 0.81665L20\n                                     3.16665L10 13.1666L0 3.16665L2.35 0.81665Z\"\n                                  fill=\"#222222\"\/>\n                        <\/svg>\n                    <\/button>\n                    <div class=\"faq-accordion-panel\"\n                         itemscope\n                         itemprop=\"acceptedAnswer\"\n                         itemtype=\"https:\/\/schema.org\/Answer\">\n                        <div itemprop=\"text\">\n                            <div class=\"\">\n                                <p>Nein. Die Sitzungen m\u00fcssen \u00fcber einen Zeitraum von meistens 2-4 Wochen absolviert werden.<\/p>\n                            <\/div>\n                        <\/div>\n                    <\/div>\n                <\/div>\n\n                    <\/div>\n        <div class=\"faq-accordion-two-column\">\n            \n                <div itemscope itemprop=\"mainEntity\" itemtype=\"https:\/\/schema.org\/Question\">\n                    <button class=\"faq-accordion-question\">\n                        <div itemprop=\"name\">Aufbauseminar in unserer Fahrschule: Dein Gesamtpaket<\/div>\n                        <svg xmlns=\"http:\/\/www.w3.org\/2000\/svg\"\n                             viewBox=\"0 0 20 14\"\n                             fill=\"none\">\n                            <path d=\"M2.35 0.81665L10 8.44998L17.65 0.81665L20\n                                     3.16665L10 13.1666L0 3.16665L2.35 0.81665Z\"\n                                  fill=\"#222222\"\/>\n                        <\/svg>\n                    <\/button>\n                    <div class=\"faq-accordion-panel\"\n                         itemscope\n                         itemprop=\"acceptedAnswer\"\n                         itemtype=\"https:\/\/schema.org\/Answer\">\n                        <div itemprop=\"text\">\n                            <div class=\"\">\n                                <p>Wer ein Aufbauseminar (ASF) buchen muss, m\u00f6chte nur eins: Es schnellstm\u00f6glich hinter sich bringen. Unsere Fahrschule bringt Dich mit hoher Geschwindigkeit durch das Aufbauseminar.<\/p>\n<p>Diese weiteren positiven Aspekte k\u00f6nnten Dich auch interessieren:<\/p>\n<p>Zentral gelegene Standorte: Damit Du uns gut erreichst, sind unsere Standorte sehr zentral gelegen.<br \/>\nRegelm\u00e4\u00dfige Kurse: Buche dein Aufbauseminar (ASF) schnellstm\u00f6glich innerhalb der festgelegten Frist. Unser gro\u00dfes ASF-Kursangebot macht das m\u00f6glich.<br \/>\nSympathische &amp; Erfahrene Fahrlehrer: Unsere Seminarleiter f\u00fcr das Aufbauseminar (ASF) bringen dich mit hohem Fachwissen durch das Seminar und stehen Dir bei Fragen zur Seite. Aber auch eine Prise Humor &amp; Spa\u00df darf unserer Meinung nie fehlen.<\/p>\n                            <\/div>\n                        <\/div>\n                    <\/div>\n                <\/div>\n\n            \n                <div itemscope itemprop=\"mainEntity\" itemtype=\"https:\/\/schema.org\/Question\">\n                    <button class=\"faq-accordion-question\">\n                        <div itemprop=\"name\">Aufbauseminar: Unterschiede A &amp; B Verst\u00f6\u00dfe<\/div>\n                        <svg xmlns=\"http:\/\/www.w3.org\/2000\/svg\"\n                             viewBox=\"0 0 20 14\"\n                             fill=\"none\">\n                            <path d=\"M2.35 0.81665L10 8.44998L17.65 0.81665L20\n                                     3.16665L10 13.1666L0 3.16665L2.35 0.81665Z\"\n                                  fill=\"#222222\"\/>\n                        <\/svg>\n                    <\/button>\n                    <div class=\"faq-accordion-panel\"\n                         itemscope\n                         itemprop=\"acceptedAnswer\"\n                         itemtype=\"https:\/\/schema.org\/Answer\">\n                        <div itemprop=\"text\">\n                            <div class=\"\">\n                                <p>A-Versto\u00df = schwerwiegende Regelmissachtung<\/p>\n<p>Ein Aufbauseminar kann bei einer Geschwindigkeits\u00fcberschreitung ab 21 km\/h drohen.<\/p>\n<p>B-Versto\u00df = weniger schwerwiegende im Vergleich zum A-Versto\u00df<\/p>\n<p>Zum Beispiel durch: (Fahren mit abgefahrenen Reifen, T\u00dcV am Fahrzeug um mehr als acht Monate \u00fcberzogen oder Parken auf der Autobahn.<\/p>\n<p>kleinere Verst\u00f6\u00dfe = Verst\u00f6\u00dfe die mit einem Verwarngeld unter 60 Euro geahndet werden, z.B. eine Geschwindigkeits\u00fcberschreitung von 5 km\/h. Diese z\u00e4hlen nicht zum A oder B Versto\u00df<\/p>\n                            <\/div>\n                        <\/div>\n                    <\/div>\n                <\/div>\n\n            \n                <div itemscope itemprop=\"mainEntity\" itemtype=\"https:\/\/schema.org\/Question\">\n                    <button class=\"faq-accordion-question\">\n                        <div itemprop=\"name\">Aufbauseminar: Erneuter Versto\u00df &#8211; was dann?<\/div>\n                        <svg xmlns=\"http:\/\/www.w3.org\/2000\/svg\"\n                             viewBox=\"0 0 20 14\"\n                             fill=\"none\">\n                            <path d=\"M2.35 0.81665L10 8.44998L17.65 0.81665L20\n                                     3.16665L10 13.1666L0 3.16665L2.35 0.81665Z\"\n                                  fill=\"#222222\"\/>\n                        <\/svg>\n                    <\/button>\n                    <div class=\"faq-accordion-panel\"\n                         itemscope\n                         itemprop=\"acceptedAnswer\"\n                         itemtype=\"https:\/\/schema.org\/Answer\">\n                        <div itemprop=\"text\">\n                            <div class=\"\">\n                                <p>Wenn du nach der Teilnahme am Aufbauseminar erneut wegen einem A- oder 2 B-Verst\u00f6\u00dfen auff\u00e4llig wirst, bekommst du eine schriftliche Verwarnung und die Empfehlung an einem verkehrspsychologischen Beratungsgespr\u00e4ch teilzunehmen. Du hast dann 2 Monate Zeit, dieser Empfehlung nachzugehen, bist aber nicht dazu verpflichtet. Auch wenn die Teilnahme an einer verkehrspsychologischen Beratung freiwillig und mit Kosten verbunden ist, handelt es sich dabei dennoch um eine gesetzlich geregelte Ma\u00dfnahme. Nach \u00a7 2a Abs. 7 des Stra\u00dfenverkehrsgesetzes hei\u00dft es:<\/p>\n<p>\u201cIn der verkehrspsychologischen Beratung soll der Inhaber einer Fahrerlaubnis auf Probe veranlasst werden, M\u00e4ngel in seiner Einstellung zum Stra\u00dfenverkehr und im verkehrssicheren Verhalten zu erkennen und die Bereitschaft entwickeln, diese M\u00e4ngel abzubauen\u201d<\/p>\n<p>Bis 2014 war es noch m\u00f6glich, durch die Teilnahme an der verkehrspsychologischen Beratung Punkte im Fahreignungsregister abzubauen. Dies ist nun jedoch nicht mehr der Fall. Erst nach Ablauf der Probezeit kannst du Punkte in Flensburg abbauen. Daf\u00fcr kannst du alle 5 Jahre freiwillig an einem Fahreignungsseminar teilnehmen und 1 Punkt abbauen. Das geht allerdings nur, wenn du nicht mehr als 5 Punkte angesammelt hast.<\/p>\n<p>Die verkehrspsychologische Beratung findet in einem Zeitraum von mindestens 2 und h\u00f6chstens 4 Wochen statt. Dabei werden an 3 verschiedenen Tagen 3 bis 4 Einzelgespr\u00e4che mit einem Diplom-Psychologen gef\u00fchrt, der amtlich anerkannter verkehrspsychologischer Berater ist. Die Gesamtzeit der Gespr\u00e4che muss insgesamt 4 Zeitstunden betragen.<\/p>\n<p>Dabei ist jeweils 1 Stunde zur Vor- und Nachbereitung bestimmt. Die Inhalte der Beratung sind nur f\u00fcr den Teilnehmer bestimmt und werden daher streng vertraulich behandelt. Nach Ende der Gespr\u00e4che bekommst du eine Teilnahmebest\u00e4tigung ausgeh\u00e4ndigt. Du kannst diese Ma\u00dfnahme weder bestehen noch durchfallen. Es geht lediglich darum, teilzunehmen und w\u00e4hrend der Gespr\u00e4che zur Einsicht \u00fcber sein Fehlverhalten zu gelangen und M\u00f6glichkeiten der Besserung aufgezeigt zu bekommen. Es gibt demnach auch keine Pr\u00fcfung oder \u00e4hnliches.<\/p>\n<p>Da du zur Teilnahme am Beratungsgespr\u00e4ch nicht verpflichtet bist, kannst du dich nat\u00fcrlich auch dagegen entscheiden, ohne zun\u00e4chst irgendwelche Nachteile bef\u00fcrchten zu m\u00fcssen.<\/p>\n<p>Trotzdem m\u00f6chten wir dir unbedingt empfehlen, an der Beratung teilzunehmen, wenn du dazu eingeladen wirst. Denn so lernst du, deine Fehler zu ergr\u00fcnden, zu verstehen und in Zukunft zu vermeiden. Du brauchst au\u00dferdem keine Beurteilung oder Pr\u00fcfung zu bef\u00fcrchten. Das Gespr\u00e4ch soll dir lediglich weiterhelfen und f\u00fcr mehr Sicherheit im Stra\u00dfenverkehr f\u00fcr dich und andere sorgen.<\/p>\n<p>Bei mehreren Verst\u00f6\u00dfen und ausbleibender Einsicht kann die zust\u00e4ndige Beh\u00f6rde au\u00dferdem zu der Annahme gelangen, dass du zum F\u00fchren eines Kraftfahrzeugs ungeeignet sein k\u00f6nntest. In einem solchen Fall kann die Beh\u00f6rde auch ein \u00e4rztliches Fahreignungsgutachten anordnen, zu dem du verpflichtet bist, um deine Fahrt\u00fcchtigkeit nachzuweisen.<\/p>\n                            <\/div>\n                        <\/div>\n                    <\/div>\n                <\/div>\n\n                    <\/div>\n\n    <\/div>\n","protected":false},"excerpt":{"rendered":"<p>Wir bieten ausschlie\u00dflich Aufbauseminare nach \u00a7 35 Abs. 1 und 2 FeV an. Besondere Aufbauseminare bei Alkohol &amp; Drogenverst\u00f6\u00dfen bieten wir nicht an (d. h. keine Aufbauseminare nach \u00a7 36 FeV) Besonderes Aufbauseminar Bei Alkohol- &amp; Drogen-Verst\u00f6\u00dfen Diese Form von Aufbauseminar bieten wir nicht an:&nbsp;Wer in der Probezeit gegen die&nbsp;0-Promille-Grenze&nbsp;verst\u00f6\u00dft, muss an einem besonderen Aufbauseminar [&hellip;]<\/p>\n","protected":false},"author":2,"featured_media":0,"parent":0,"menu_order":0,"comment_status":"closed","ping_status":"closed","template":"","meta":{"_acf_changed":false,"footnotes":""},"categories":[46],"class_list":["post-399","page","type-page","status-publish","hentry","category-unser-angebot"],"acf":[],"yoast_head":"<!-- This site is optimized with the Yoast SEO Premium plugin v26.8 (Yoast SEO v26.8) - https:\/\/yoast.com\/product\/yoast-seo-premium-wordpress\/ -->\n<title>Aufbauseminar f\u00fcr Fahranf\u00e4nger bei der 123FAHRSCHULE<\/title>\n<meta name=\"description\" content=\"Das Aufbauseminar f\u00fcr Fahranf\u00e4nger, die in der Probezeit Verst\u00f6\u00dfe begangen haben \u2713 Jetzt Termin in deiner N\u00e4he sichern und beginnen\" \/>\n<meta name=\"robots\" content=\"index, follow, max-snippet:-1, max-image-preview:large, max-video-preview:-1\" \/>\n<link rel=\"canonical\" href=\"https:\/\/www.123fahrschule.de\/unser-angebot\/aufbauseminar-fuer-fahranfaenger\" \/>\n<meta property=\"og:locale\" content=\"de_DE\" \/>\n<meta property=\"og:type\" content=\"website\" \/>\n<meta property=\"og:title\" content=\"Aufbauseminar f\u00fcr Fahranf\u00e4nger\" \/>\n<meta property=\"og:description\" content=\"Das Aufbauseminar f\u00fcr Fahranf\u00e4nger, die in der Probezeit Verst\u00f6\u00dfe begangen haben \u2713 Jetzt Termin in deiner N\u00e4he sichern und beginnen\" \/>\n<meta property=\"og:url\" content=\"https:\/\/www.123fahrschule.de\/unser-angebot\/aufbauseminar-fuer-fahranfaenger\" \/>\n<meta property=\"og:site_name\" content=\"123fahrschule\" \/>\n<meta property=\"article:publisher\" content=\"https:\/\/www.facebook.com\/123fahrschule.de\/\" \/>\n<meta property=\"article:modified_time\" content=\"2025-12-08T11:53:56+00:00\" \/>\n<meta property=\"og:image\" content=\"https:\/\/www.123fahrschule.de\/wp-content\/uploads\/2025\/12\/ntv-DBA25-GS-Fahrschulen-123fahrschule2025-1.png\" \/>\n<meta name=\"twitter:card\" content=\"summary_large_image\" \/>\n<meta name=\"twitter:label1\" content=\"Gesch\u00e4tzte Lesezeit\" \/>\n\t<meta name=\"twitter:data1\" content=\"3\u00a0Minuten\" \/>\n<script type=\"application\/ld+json\" class=\"yoast-schema-graph\">{\"@context\":\"https:\/\/schema.org\",\"@graph\":[{\"@type\":\"ImageObject\",\"inLanguage\":\"de\",\"@id\":\"https:\/\/www.123fahrschule.de\/unser-angebot\/aufbauseminar-fuer-fahranfaenger#primaryimage\",\"url\":\"https:\/\/media.123fahrschule.de\/wp-content\/uploads\/2025\/12\/08114755\/ntv-DBA25-GS-Fahrschulen-123fahrschule2025-1.png?format=webp\",\"contentUrl\":\"https:\/\/media.123fahrschule.de\/wp-content\/uploads\/2025\/12\/08114755\/ntv-DBA25-GS-Fahrschulen-123fahrschule2025-1.png?format=webp\",\"width\":709,\"height\":719},{\"@type\":\"BreadcrumbList\",\"@id\":\"https:\/\/www.123fahrschule.de\/unser-angebot\/aufbauseminar-fuer-fahranfaenger#breadcrumb\",\"itemListElement\":[{\"@type\":\"ListItem\",\"position\":1,\"name\":\"Home\",\"item\":\"https:\/\/www.123fahrschule.de\/\"},{\"@type\":\"ListItem\",\"position\":2,\"name\":\"Aufbauseminar f\u00fcr Fahranf\u00e4nger\"}]},{\"@type\":\"Organization\",\"@id\":\"https:\/\/www.123fahrschule.de\/#organization\",\"name\":\"123fahrschule Holding GmbH\",\"alternateName\":\"123fahrschule\",\"url\":\"https:\/\/www.123fahrschule.de\/\",\"logo\":{\"@type\":\"ImageObject\",\"inLanguage\":\"de\",\"@id\":\"https:\/\/www.123fahrschule.de\/#\/schema\/logo\/image\/\",\"url\":\"https:\/\/media.123fahrschule.de\/wp-content\/uploads\/2023\/03\/31103901\/123Logo_200x200.jpg?format=webp\",\"contentUrl\":\"https:\/\/media.123fahrschule.de\/wp-content\/uploads\/2023\/03\/31103901\/123Logo_200x200.jpg?format=webp\",\"width\":200,\"height\":200,\"caption\":\"123fahrschule Holding GmbH\"},\"image\":{\"@id\":\"https:\/\/www.123fahrschule.de\/#\/schema\/logo\/image\/\"},\"sameAs\":[\"https:\/\/www.facebook.com\/123fahrschule.de\/\",\"https:\/\/www.tiktok.com\/@123fahrschule\",\"https:\/\/www.instagram.com\/123fahrschule.de\/\",\"https:\/\/www.youtube.com\/c\/123FAHRSCHULE\",\"https:\/\/de.linkedin.com\/company\/123fahrschule\"]}]}<\/script>\n<!-- \/ Yoast SEO Premium plugin. -->","yoast_head_json":{"title":"Aufbauseminar f\u00fcr Fahranf\u00e4nger bei der 123FAHRSCHULE","description":"Das Aufbauseminar f\u00fcr Fahranf\u00e4nger, die in der Probezeit Verst\u00f6\u00dfe begangen haben \u2713 Jetzt Termin in deiner N\u00e4he sichern und beginnen","robots":{"index":"index","follow":"follow","max-snippet":"max-snippet:-1","max-image-preview":"max-image-preview:large","max-video-preview":"max-video-preview:-1"},"canonical":"https:\/\/www.123fahrschule.de\/unser-angebot\/aufbauseminar-fuer-fahranfaenger","og_locale":"de_DE","og_type":"website","og_title":"Aufbauseminar f\u00fcr Fahranf\u00e4nger","og_description":"Das Aufbauseminar f\u00fcr Fahranf\u00e4nger, die in der Probezeit Verst\u00f6\u00dfe begangen haben \u2713 Jetzt Termin in deiner N\u00e4he sichern und beginnen","og_url":"https:\/\/www.123fahrschule.de\/unser-angebot\/aufbauseminar-fuer-fahranfaenger","og_site_name":"123fahrschule","article_publisher":"https:\/\/www.facebook.com\/123fahrschule.de\/","article_modified_time":"2025-12-08T11:53:56+00:00","og_image":[{"url":"https:\/\/www.123fahrschule.de\/wp-content\/uploads\/2025\/12\/ntv-DBA25-GS-Fahrschulen-123fahrschule2025-1.png","type":"","width":"","height":""}],"twitter_card":"summary_large_image","twitter_misc":{"Gesch\u00e4tzte Lesezeit":"3\u00a0Minuten"},"schema":{"@context":"https:\/\/schema.org","@graph":[{"@type":"ImageObject","inLanguage":"de","@id":"https:\/\/www.123fahrschule.de\/unser-angebot\/aufbauseminar-fuer-fahranfaenger#primaryimage","url":"https:\/\/media.123fahrschule.de\/wp-content\/uploads\/2025\/12\/08114755\/ntv-DBA25-GS-Fahrschulen-123fahrschule2025-1.png?format=webp","contentUrl":"https:\/\/media.123fahrschule.de\/wp-content\/uploads\/2025\/12\/08114755\/ntv-DBA25-GS-Fahrschulen-123fahrschule2025-1.png?format=webp","width":709,"height":719},{"@type":"BreadcrumbList","@id":"https:\/\/www.123fahrschule.de\/unser-angebot\/aufbauseminar-fuer-fahranfaenger#breadcrumb","itemListElement":[{"@type":"ListItem","position":1,"name":"Home","item":"https:\/\/www.123fahrschule.de\/"},{"@type":"ListItem","position":2,"name":"Aufbauseminar f\u00fcr Fahranf\u00e4nger"}]},{"@type":"Organization","@id":"https:\/\/www.123fahrschule.de\/#organization","name":"123fahrschule Holding GmbH","alternateName":"123fahrschule","url":"https:\/\/www.123fahrschule.de\/","logo":{"@type":"ImageObject","inLanguage":"de","@id":"https:\/\/www.123fahrschule.de\/#\/schema\/logo\/image\/","url":"https:\/\/media.123fahrschule.de\/wp-content\/uploads\/2023\/03\/31103901\/123Logo_200x200.jpg?format=webp","contentUrl":"https:\/\/media.123fahrschule.de\/wp-content\/uploads\/2023\/03\/31103901\/123Logo_200x200.jpg?format=webp","width":200,"height":200,"caption":"123fahrschule Holding GmbH"},"image":{"@id":"https:\/\/www.123fahrschule.de\/#\/schema\/logo\/image\/"},"sameAs":["https:\/\/www.facebook.com\/123fahrschule.de\/","https:\/\/www.tiktok.com\/@123fahrschule","https:\/\/www.instagram.com\/123fahrschule.de\/","https:\/\/www.youtube.com\/c\/123FAHRSCHULE","https:\/\/de.linkedin.com\/company\/123fahrschule"]}]}},"_links":{"self":[{"href":"https:\/\/www.123fahrschule.de\/wp-json\/wp\/v2\/pages\/399","targetHints":{"allow":["GET"]}}],"collection":[{"href":"https:\/\/www.123fahrschule.de\/wp-json\/wp\/v2\/pages"}],"about":[{"href":"https:\/\/www.123fahrschule.de\/wp-json\/wp\/v2\/types\/page"}],"author":[{"embeddable":true,"href":"https:\/\/www.123fahrschule.de\/wp-json\/wp\/v2\/users\/2"}],"replies":[{"embeddable":true,"href":"https:\/\/www.123fahrschule.de\/wp-json\/wp\/v2\/comments?post=399"}],"version-history":[{"count":218,"href":"https:\/\/www.123fahrschule.de\/wp-json\/wp\/v2\/pages\/399\/revisions"}],"predecessor-version":[{"id":37149,"href":"https:\/\/www.123fahrschule.de\/wp-json\/wp\/v2\/pages\/399\/revisions\/37149"}],"wp:attachment":[{"href":"https:\/\/www.123fahrschule.de\/wp-json\/wp\/v2\/media?parent=399"}],"wp:term":[{"taxonomy":"category","embeddable":true,"href":"https:\/\/www.123fahrschule.de\/wp-json\/wp\/v2\/categories?post=399"}],"curies":[{"name":"wp","href":"https:\/\/api.w.org\/{rel}","templated":true}]}}