{"id":34531,"date":"2025-05-22T18:22:05","date_gmt":"2025-05-22T16:22:05","guid":{"rendered":"https:\/\/www.123fahrschule.de\/?page_id=34531"},"modified":"2025-12-10T15:49:15","modified_gmt":"2025-12-10T14:49:15","slug":"verantwortlicher-leiter-berlin","status":"publish","type":"page","link":"https:\/\/www.123fahrschule.de\/verantwortlicher-leiter-berlin","title":{"rendered":"(Junior) Verantwortlicher Leiter Berlin \/ Brandenburg"},"content":{"rendered":"\n<p><\/p>\n\n\n\n<div class=\"wp-block-media-text has-media-on-the-right is-stacked-on-mobile\"><div class=\"wp-block-media-text__content\">\n<h2 class=\"wp-block-heading\" id=\"h-fahrlehrer-als-junior-verantworlicher-leiter-berlin-brandenburg-all-genders\">Fahrlehrer als (Junior) Verantworlicher Leiter Berlin \/ Brandenburg (all genders)<\/h2>\n\n\n\n<p><strong>Werde Teil unseres Teams und gestalte die Zukunft der 123fahrschule in der Region Berlin mit!<\/strong><\/p>\n\n\n\n<p>Du brennst f\u00fcr die Fahrschulwelt und m\u00f6chtest dein Wissen nicht nur weitergeben, sondern auch Verantwortung \u00fcbernehmen und den Aufbau eines starken Teams aktiv begleiten? Dann werde Teil der <strong>123fahrschule<\/strong> &#8211; und mach Berlin zur Nummer 1.<\/p>\n\n\n\n<p>Wir sind Deutschlands innovativste Fahrschule, betreiben \u00fcber 60 Standorte bundesweit und revolutionieren mit einem digitalen Ansatz, viel Leidenschaft und einem gro\u00dfartigen Team die F\u00fchrerscheinausbildung von morgen.<\/p>\n\n\n\n<p>F\u00fcr den<strong> Ausbau und die Weiterentwicklung<\/strong> <strong>unserer Fahrschulen in Berlin\/Brandenburg <\/strong>suchen wir ab sofort eine motivierte Pers\u00f6nlichkeit mit Engagement, Organisationstalent und Fahrlehrererlaubnis der Klassen A, B\/BE (optional auch C\/CE) als <strong>angehende verantwortliche Leitung (all genders).<\/strong><\/p>\n\n\n\n<div class=\"wp-block-buttons is-layout-flex wp-block-buttons-is-layout-flex\">\n<div class=\"wp-block-button\"><a class=\"wp-block-button__link wp-element-button\" href=\"#Hey-flow\">BEWERBEN IM SPEEDTEMPO<\/a><\/div>\n<\/div>\n<\/div><figure class=\"wp-block-media-text__media\"><img loading=\"lazy\" decoding=\"async\" width=\"800\" height=\"600\" src=\"https:\/\/media.123fahrschule.de\/wp-content\/uploads\/2025\/12\/10154817\/Fahrlehrer-team-bildtext.jpg\" alt=\"\" class=\"wp-image-36481 size-full\" srcset=\"https:\/\/media.123fahrschule.de\/wp-content\/uploads\/2025\/12\/10154817\/Fahrlehrer-team-bildtext.jpg 800w, https:\/\/media.123fahrschule.de\/wp-content\/uploads\/2025\/12\/10154817\/Fahrlehrer-team-bildtext-300x225.jpg 300w, https:\/\/media.123fahrschule.de\/wp-content\/uploads\/2025\/12\/10154817\/Fahrlehrer-team-bildtext-768x576.jpg 768w\" sizes=\"auto, (max-width: 800px) 100vw, 800px\" \/><\/figure><\/div>\n\n\n\n<div class=\"icon-cardshelf-container \">\n\n            <div class=\"icon-cardshelf-headlines\">\n\n            \n            \n        <\/div>\n    \n    <div class=\"icon-cardshelf-content\">\n\n        \n                <a                         class=\"icon-cardshelf-content__item\">\n                    <div>\n\n                                                    <img decoding=\"async\" src=\"https:\/\/media.123fahrschule.de\/wp-content\/uploads\/2024\/05\/08163535\/zentrale-schulungszentren-icon.png?format=webp\"\n                                 alt=\"Icon f\u00fcr zentrale Schulungszentren\"\n                                 class=\"icon-cardshelf-content__item_icon\">\n                        \n                    <\/div>\n                    <div class=\"icon-cardshelf-content__item_text\">\n                        <div>\n\n                                                            <h5>\n                                    Gut ausgestattete Standorte\n                                <\/h5>\n                            \n                            \n                        <\/div>\n\n                        \n                    <\/div>\n                <\/a>\n\n            \n                <a                         class=\"icon-cardshelf-content__item\">\n                    <div>\n\n                                                    <img decoding=\"async\" src=\"https:\/\/media.123fahrschule.de\/wp-content\/uploads\/2024\/12\/30100626\/icon_car_brands%402x-8.png?format=webp\"\n                                 alt=\"Car Brands icon\"\n                                 class=\"icon-cardshelf-content__item_icon\">\n                        \n                    <\/div>\n                    <div class=\"icon-cardshelf-content__item_text\">\n                        <div>\n\n                                                            <h5>\n                                    Moderner Fuhrpark\n                                <\/h5>\n                            \n                            \n                        <\/div>\n\n                        \n                    <\/div>\n                <\/a>\n\n            \n                <a                         class=\"icon-cardshelf-content__item\">\n                    <div>\n\n                                                    <img decoding=\"async\" src=\"https:\/\/media.123fahrschule.de\/wp-content\/uploads\/2024\/12\/30100626\/icon_questions%402x-8.png?format=webp\"\n                                 alt=\"Handy mit Fragezeichen in einer Bubble Icon\"\n                                 class=\"icon-cardshelf-content__item_icon\">\n                        \n                    <\/div>\n                    <div class=\"icon-cardshelf-content__item_text\">\n                        <div>\n\n                                                            <h5>\n                                    Hochwertige Fahrlehrer-App\n                                <\/h5>\n                            \n                            \n                        <\/div>\n\n                        \n                    <\/div>\n                <\/a>\n\n            \n    <\/div>\n<\/div>\n\n\n\n<div class=\"wp-block-media-text is-stacked-on-mobile\"><figure class=\"wp-block-media-text__media\"><img loading=\"lazy\" decoding=\"async\" width=\"1024\" height=\"854\" src=\"https:\/\/media.123fahrschule.de\/wp-content\/uploads\/2025\/04\/14083337\/shutterstock_2247726393-Konvertiert-1024x854.webp\" alt=\"Comicstil-Fahrlehrer mit F\u00fchrerschein und Pokal \u2013 jetzt Fahrlehrer werden\" class=\"wp-image-33993 size-full\" srcset=\"https:\/\/media.123fahrschule.de\/wp-content\/uploads\/2025\/04\/14083337\/shutterstock_2247726393-Konvertiert-1024x854.webp 1024w, https:\/\/media.123fahrschule.de\/wp-content\/uploads\/2025\/04\/14083337\/shutterstock_2247726393-Konvertiert-300x250.webp 300w, https:\/\/media.123fahrschule.de\/wp-content\/uploads\/2025\/04\/14083337\/shutterstock_2247726393-Konvertiert-768x640.webp 768w, https:\/\/media.123fahrschule.de\/wp-content\/uploads\/2025\/04\/14083337\/shutterstock_2247726393-Konvertiert-1536x1280.webp 1536w, https:\/\/media.123fahrschule.de\/wp-content\/uploads\/2025\/04\/14083337\/shutterstock_2247726393-Konvertiert-2048x1707.webp 2048w\" sizes=\"auto, (max-width: 1024px) 100vw, 1024px\" \/><\/figure><div class=\"wp-block-media-text__content\">\n<p><\/p>\n\n\n\n<h2 class=\"wp-block-heading\" id=\"h-das-bringst-du-mit\">Das bringst du mit:<\/h2>\n\n\n\n<ul class=\"wp-block-list checkbox-bullets\">\n<li>Fahrlehrerlaubnis der Klassen B\/BE, A und optional C\/CE<\/li>\n\n\n\n<li>Mindestens 2 Jahre hauptberuflich als Fahrlehrer t\u00e4tig<\/li>\n\n\n\n<li>Erste Erfahrungen als Verantwortlicher Leiter einer Fahrschule oder in vergleichbarer F\u00fchrungsposition von Vorteil<\/li>\n\n\n\n<li>Ausgepr\u00e4gtes Organisationstalent sowie eine selbstst\u00e4ndige und verantwortungsbewusste Arbeitsweise<\/li>\n\n\n\n<li>Kommunikationsst\u00e4rke, Empathie, Teamf\u00e4higkeit und ein souver\u00e4nes Auftreten<\/li>\n\n\n\n<li>Kommunikationsst\u00e4rke, Empathie, Teamf\u00e4higkeit und ein souver\u00e4nes Auftreten<\/li>\n\n\n\n<li>Kaufm\u00e4nnisches Verst\u00e4ndnis und Interesse an wirtschaftlichen Zusammenh\u00e4ngen\/Kennzahlen<\/li>\n\n\n\n<li>Sicherer Umgang mit digitalen Tools und Offenheit f\u00fcr moderne Arbeitsweisen<\/li>\n<\/ul>\n\n\n\n<div class=\"wp-block-buttons is-layout-flex wp-block-buttons-is-layout-flex\">\n<div class=\"wp-block-button\"><a class=\"wp-block-button__link wp-element-button\" href=\"#Hey-flow\">BEWERBEN IM SPEEDTEMPO<\/a><\/div>\n<\/div>\n<\/div><\/div>\n\n\n\n<h2 class=\"wp-block-heading has-text-align-left\" id=\"h-deine-aufgaben\">Deine Aufgaben:<\/h2>\n\n\n\n<ul class=\"wp-block-list checkbox-bullets\">\n<li>Fachliche und organisatorische Leitung sowie Aufbau neuer und bestehender Fahrschulstandorte in Berlin und Brandenburg in Zusammenarbeit mit den bestehenden VLs in Berlin \u2013 mit Blick f\u00fcr Qualit\u00e4t, Effizienz und Teamzusammenhalt<\/li>\n\n\n\n<li>\u00dcberwachung relevanter Kennzahlen (z.B. Auslastung, Pr\u00fcfungsquote, Umsatz) sowie Ableitung geeigneter Ma\u00dfnahmen zur Weiterentwicklung der Standorte<\/li>\n\n\n\n<li>Planung des Personaleinsatzes und Optimierung von Abl\u00e4ufen im operativen Tagesgesch\u00e4ft<\/li>\n\n\n\n<li>Schulung und Einarbeitung neuer Teammitglieder sowie kontinuierliche Weiterentwicklung der FahrlehrerInnen<\/li>\n\n\n\n<li>Ansprechpartner f\u00fcr FahrlehrerkollegInnen, Fahrsch\u00fclerInnen sowie Beh\u00f6rden und Kooperationspartner<\/li>\n\n\n\n<li class=\"checkbox-bullets\">Sicherstellung der Einhaltung gesetzlicher Anforderungen und interner Qualit\u00e4tsstandards<\/li>\n\n\n\n<li class=\"checkbox-bullets\">Rekrutierung neuer FahrlehrerInnen und Identifikation neuer Standorte f\u00fcr unser Wachstum<\/li>\n\n\n\n<li class=\"checkbox-bullets\">Enge Zusammenarbeit mit der Holding, internen Abteilungen (z.B. Kundenservice, Marketing), und den verantwortlichen Leitern unserer weiteren Standorte<\/li>\n\n\n\n<li>F\u00f6rderung des 123-Spirits und Sicherstellung eines konstruktiven Austauschs im Team<\/li>\n<\/ul>\n\n\n\n<h2 class=\"wp-block-heading has-text-align-left\" id=\"h-was-dich-bei-uns-erwartet\">Was Dich bei uns erwartet:<\/h2>\n\n\n\n<ul class=\"wp-block-list checkbox-bullets\">\n<li>Eine sichere Festanstellung bei Deutschlands Fahrschule Nummer 1<\/li>\n\n\n\n<li>Ein kollegiales Umfeld und ein gro\u00dfartiges, hilfsbereites Team, das dich jederzeit unterst\u00fctzt<\/li>\n\n\n\n<li>Ein moderner Fuhrpark mit top Dienstwagen \u2013 auch zur privaten Nutzung<\/li>\n\n\n\n<li>Sehr gut ausgestattete Filialen und modernste Arbeitsmittel<\/li>\n\n\n\n<li>Eine offene Ideenkultur mit Raum f\u00fcr deine Vorschl\u00e4ge<\/li>\n\n\n\n<li>Eine attraktive Verg\u00fctung, je nach Qualifikation und Erfahrung<\/li>\n\n\n\n<li>Drive-Life-Balance ist uns wichtig: 30 Tage Urlaub<br><\/li>\n<\/ul>\n\n\n\n<p><strong>Starte jetzt deine Karriere bei der 123fahrschule und wachse mit uns!<\/strong><\/p>\n\n\n\n<p>Klick dich in 30 Sekunden zu deinem neuen Job \u2013 ganz ohne Lebenslauf und Anschreiben! Wir freuen uns auf dich!<\/p>\n\n\n\n<div class=\"wp-block-columns is-layout-flex wp-container-core-columns-is-layout-9d6595d7 wp-block-columns-is-layout-flex\">\n<div class=\"wp-block-column is-layout-flow wp-block-column-is-layout-flow\" id=\"Hey-flow\">\n<div class=\"heyflow__container  dark-shadow \">\n    <svg class=\"heyflow__svg-top\" xmlns=\"http:\/\/www.w3.org\/2000\/svg\"\n         width=\"192\" height=\"89\" viewBox=\"0 0 192 89\" fill=\"none\">\n        <path d=\"M192 0L176 58.6667L154.323 39.3627L175.128 17.4053L147.24\n                 36.6773L128 32L192 0ZM152 44.448V64L160.688 52.184L152 44.448Z\"\n              fill=\"#FF5722\"\/>\n        <path d=\"M150.399 66.4C146.399 80.2666 107.599 99.6 84.7992\n                 75.6C61.608 51.1881 7.86589 52.1333 1.19922 55.5999\"\n              stroke=\"#1D242A\" stroke-width=\"3\" stroke-dasharray=\"6 6\"\/>\n    <\/svg>\n    <svg class=\"heyflow__svg-top-mob\" xmlns=\"http:\/\/www.w3.org\/2000\/svg\"\n         width=\"105\" height=\"56\" viewBox=\"0 0 105 56\" fill=\"none\">\n        <path d=\"M105 0L95 36.6667L81.4517 24.6017L94.455 10.8783L77.025\n                 22.9233L65 20L105 0ZM80 27.78V40L85.43 32.615L80 27.78Z\"\n              fill=\"#FF5722\"\/>\n        <path d=\"M78.9997 41.5001C76.4997 50.1668 52.2497 62.2501 37.9997\n                 47.2501C23.5052 31.9927 5.5944 36.762 1.42773 38.9287\"\n              stroke=\"#1D242A\" stroke-width=\"3\" stroke-dasharray=\"6 6\"\/>\n    <\/svg>\n\n    <heyflow-wrapper flow-id=\"zELBIvwBrpzuAJrB1SxR\" dynamic-height scroll-up-on-navigation style-config='{\"width\":\"100%\"}'><\/heyflow-wrapper>\n    <svg class=\"heyflow__svg-bottom\" xmlns=\"http:\/\/www.w3.org\/2000\/svg\"\n         width=\"142\" height=\"60\" viewBox=\"0 0 142 60\" fill=\"none\">\n        <path d=\"M36.3641 6.91351L8.68582 17.5586L0.777858 47.0715L47.1423 59.4948L55.0503 29.9819L36.3641\n                 6.91351ZM35.0864 11.6896L50.3231 30.5001L34.9371 35.8771L30.3255 29.5271L23.1562 32.7225L12.5167\n                 20.3699L35.0864 11.6896ZM10.9267 24.6502L19.3425 34.4213L6.81254 40.0046L10.9267 24.6502ZM6.59253\n                 44.4884L28.9931 34.4997L43.3982 54.3504L6.59253 44.4884ZM45.4496 50.3573L37.3894 39.259L49.5638\n                 35.003L45.4496 50.3573Z\"\n              fill=\"#FF5722\"\/>\n        <path d=\"M50.1168 18.5849C68.2952 7.03954 86.2779 9.63929 98.1365\n                 31.4518C110.199 53.6385 135.668 41.1755 141.171 39.9581\"\n              stroke=\"#1D242A\" stroke-width=\"3\" stroke-dasharray=\"6 6\"\/>\n    <\/svg>\n    <svg class=\"heyflow__svg-bottom-mob\" xmlns=\"http:\/\/www.w3.org\/2000\/svg\"\n         width=\"118\" height=\"49\" viewBox=\"0 0 118 49\" fill=\"none\">\n        <path d=\"M30.3024 5.17207L7.2372 14.043L0.647238 38.637L39.2843 48.9898L45.8742 24.3957L30.3024\n                 5.17207ZM29.2377 9.15211L41.9349 24.8275L29.1133 29.3084L25.2703 24.0168L19.2958\n                 26.6795L10.4296 16.3857L29.2377 9.15211ZM9.10463 19.9526L16.1178 28.0952L5.67614\n                 32.7479L9.10463 19.9526ZM5.4928 36.4845L24.1599 28.1606L36.1642 44.7028L5.4928\n                 36.4845ZM37.8737 41.3752L31.1568 32.1267L41.3022 28.5799L37.8737 41.3752Z\"\n              fill=\"#FF5722\"\/>\n        <path d=\"M41.7644 14.8982C56.913 5.27709 71.8986 7.44355 81.7807\n                 25.6206C91.8325 44.1096 113.057 33.7237 117.643 32.7093\"\n              stroke=\"#1D242A\" stroke-width=\"3\" stroke-dasharray=\"6 6\"\/>\n    <\/svg>\n<\/div>\n<\/div>\n<\/div>\n\n\n\n<p><\/p>\n","protected":false},"excerpt":{"rendered":"<p>Deine Aufgaben: Was Dich bei uns erwartet: Starte jetzt deine Karriere bei der 123fahrschule und wachse mit uns! Klick dich in 30 Sekunden zu deinem neuen Job \u2013 ganz ohne Lebenslauf und Anschreiben! Wir freuen uns auf dich!<\/p>\n","protected":false},"author":15,"featured_media":0,"parent":0,"menu_order":0,"comment_status":"closed","ping_status":"closed","template":"","meta":{"_acf_changed":false,"footnotes":""},"categories":[],"class_list":["post-34531","page","type-page","status-publish","hentry"],"acf":[],"yoast_head":"<!-- This site is optimized with the Yoast SEO Premium plugin v26.8 (Yoast SEO v26.8) - https:\/\/yoast.com\/product\/yoast-seo-premium-wordpress\/ -->\n<title>(Junior) Verantwortlicher Leiter Berlin \/ Brandenburg - 123fahrschule<\/title>\n<meta name=\"robots\" content=\"index, follow, max-snippet:-1, max-image-preview:large, max-video-preview:-1\" \/>\n<link rel=\"canonical\" href=\"https:\/\/www.123fahrschule.de\/verantwortlicher-leiter-berlin\" \/>\n<meta property=\"og:locale\" content=\"de_DE\" \/>\n<meta property=\"og:type\" content=\"website\" \/>\n<meta property=\"og:title\" content=\"(Junior) Verantwortlicher Leiter Berlin \/ Brandenburg\" \/>\n<meta property=\"og:description\" content=\"Deine Aufgaben: Was Dich bei uns erwartet: Starte jetzt deine Karriere bei der 123fahrschule und wachse mit uns! Klick dich in 30 Sekunden zu deinem neuen Job \u2013 ganz ohne Lebenslauf und Anschreiben! Wir freuen uns auf dich!\" \/>\n<meta property=\"og:url\" content=\"https:\/\/www.123fahrschule.de\/verantwortlicher-leiter-berlin\" \/>\n<meta property=\"og:site_name\" content=\"123fahrschule\" \/>\n<meta property=\"article:publisher\" content=\"https:\/\/www.facebook.com\/123fahrschule.de\/\" \/>\n<meta property=\"article:modified_time\" content=\"2025-12-10T14:49:15+00:00\" \/>\n<meta property=\"og:image\" content=\"https:\/\/www.123fahrschule.de\/wp-content\/uploads\/2025\/12\/Fahrlehrer-team-bildtext.jpg\" \/>\n<meta name=\"twitter:card\" content=\"summary_large_image\" \/>\n<meta name=\"twitter:label1\" content=\"Gesch\u00e4tzte Lesezeit\" \/>\n\t<meta name=\"twitter:data1\" content=\"3\u00a0Minuten\" \/>\n<script type=\"application\/ld+json\" class=\"yoast-schema-graph\">{\"@context\":\"https:\/\/schema.org\",\"@graph\":[{\"@type\":\"ImageObject\",\"inLanguage\":\"de\",\"@id\":\"https:\/\/www.123fahrschule.de\/verantwortlicher-leiter-berlin#primaryimage\",\"url\":\"https:\/\/media.123fahrschule.de\/wp-content\/uploads\/2025\/12\/10154817\/Fahrlehrer-team-bildtext.jpg?format=webp\",\"contentUrl\":\"https:\/\/media.123fahrschule.de\/wp-content\/uploads\/2025\/12\/10154817\/Fahrlehrer-team-bildtext.jpg?format=webp\",\"width\":800,\"height\":600},{\"@type\":\"BreadcrumbList\",\"@id\":\"https:\/\/www.123fahrschule.de\/verantwortlicher-leiter-berlin#breadcrumb\",\"itemListElement\":[{\"@type\":\"ListItem\",\"position\":1,\"name\":\"Home\",\"item\":\"https:\/\/www.123fahrschule.de\/\"},{\"@type\":\"ListItem\",\"position\":2,\"name\":\"(Junior) Verantwortlicher Leiter Berlin \/ Brandenburg\"}]},{\"@type\":\"Organization\",\"@id\":\"https:\/\/www.123fahrschule.de\/#organization\",\"name\":\"123fahrschule Holding GmbH\",\"alternateName\":\"123fahrschule\",\"url\":\"https:\/\/www.123fahrschule.de\/\",\"logo\":{\"@type\":\"ImageObject\",\"inLanguage\":\"de\",\"@id\":\"https:\/\/www.123fahrschule.de\/#\/schema\/logo\/image\/\",\"url\":\"https:\/\/media.123fahrschule.de\/wp-content\/uploads\/2023\/03\/31103901\/123Logo_200x200.jpg?format=webp\",\"contentUrl\":\"https:\/\/media.123fahrschule.de\/wp-content\/uploads\/2023\/03\/31103901\/123Logo_200x200.jpg?format=webp\",\"width\":200,\"height\":200,\"caption\":\"123fahrschule Holding GmbH\"},\"image\":{\"@id\":\"https:\/\/www.123fahrschule.de\/#\/schema\/logo\/image\/\"},\"sameAs\":[\"https:\/\/www.facebook.com\/123fahrschule.de\/\",\"https:\/\/www.tiktok.com\/@123fahrschule\",\"https:\/\/www.instagram.com\/123fahrschule.de\/\",\"https:\/\/www.youtube.com\/c\/123FAHRSCHULE\",\"https:\/\/de.linkedin.com\/company\/123fahrschule\"]}]}<\/script>\n<!-- \/ Yoast SEO Premium plugin. -->","yoast_head_json":{"title":"(Junior) Verantwortlicher Leiter Berlin \/ Brandenburg - 123fahrschule","robots":{"index":"index","follow":"follow","max-snippet":"max-snippet:-1","max-image-preview":"max-image-preview:large","max-video-preview":"max-video-preview:-1"},"canonical":"https:\/\/www.123fahrschule.de\/verantwortlicher-leiter-berlin","og_locale":"de_DE","og_type":"website","og_title":"(Junior) Verantwortlicher Leiter Berlin \/ Brandenburg","og_description":"Deine Aufgaben: Was Dich bei uns erwartet: Starte jetzt deine Karriere bei der 123fahrschule und wachse mit uns! Klick dich in 30 Sekunden zu deinem neuen Job \u2013 ganz ohne Lebenslauf und Anschreiben! Wir freuen uns auf dich!","og_url":"https:\/\/www.123fahrschule.de\/verantwortlicher-leiter-berlin","og_site_name":"123fahrschule","article_publisher":"https:\/\/www.facebook.com\/123fahrschule.de\/","article_modified_time":"2025-12-10T14:49:15+00:00","og_image":[{"url":"https:\/\/www.123fahrschule.de\/wp-content\/uploads\/2025\/12\/Fahrlehrer-team-bildtext.jpg","type":"","width":"","height":""}],"twitter_card":"summary_large_image","twitter_misc":{"Gesch\u00e4tzte Lesezeit":"3\u00a0Minuten"},"schema":{"@context":"https:\/\/schema.org","@graph":[{"@type":"ImageObject","inLanguage":"de","@id":"https:\/\/www.123fahrschule.de\/verantwortlicher-leiter-berlin#primaryimage","url":"https:\/\/media.123fahrschule.de\/wp-content\/uploads\/2025\/12\/10154817\/Fahrlehrer-team-bildtext.jpg?format=webp","contentUrl":"https:\/\/media.123fahrschule.de\/wp-content\/uploads\/2025\/12\/10154817\/Fahrlehrer-team-bildtext.jpg?format=webp","width":800,"height":600},{"@type":"BreadcrumbList","@id":"https:\/\/www.123fahrschule.de\/verantwortlicher-leiter-berlin#breadcrumb","itemListElement":[{"@type":"ListItem","position":1,"name":"Home","item":"https:\/\/www.123fahrschule.de\/"},{"@type":"ListItem","position":2,"name":"(Junior) Verantwortlicher Leiter Berlin \/ Brandenburg"}]},{"@type":"Organization","@id":"https:\/\/www.123fahrschule.de\/#organization","name":"123fahrschule Holding GmbH","alternateName":"123fahrschule","url":"https:\/\/www.123fahrschule.de\/","logo":{"@type":"ImageObject","inLanguage":"de","@id":"https:\/\/www.123fahrschule.de\/#\/schema\/logo\/image\/","url":"https:\/\/media.123fahrschule.de\/wp-content\/uploads\/2023\/03\/31103901\/123Logo_200x200.jpg?format=webp","contentUrl":"https:\/\/media.123fahrschule.de\/wp-content\/uploads\/2023\/03\/31103901\/123Logo_200x200.jpg?format=webp","width":200,"height":200,"caption":"123fahrschule Holding GmbH"},"image":{"@id":"https:\/\/www.123fahrschule.de\/#\/schema\/logo\/image\/"},"sameAs":["https:\/\/www.facebook.com\/123fahrschule.de\/","https:\/\/www.tiktok.com\/@123fahrschule","https:\/\/www.instagram.com\/123fahrschule.de\/","https:\/\/www.youtube.com\/c\/123FAHRSCHULE","https:\/\/de.linkedin.com\/company\/123fahrschule"]}]}},"_links":{"self":[{"href":"https:\/\/www.123fahrschule.de\/wp-json\/wp\/v2\/pages\/34531","targetHints":{"allow":["GET"]}}],"collection":[{"href":"https:\/\/www.123fahrschule.de\/wp-json\/wp\/v2\/pages"}],"about":[{"href":"https:\/\/www.123fahrschule.de\/wp-json\/wp\/v2\/types\/page"}],"author":[{"embeddable":true,"href":"https:\/\/www.123fahrschule.de\/wp-json\/wp\/v2\/users\/15"}],"replies":[{"embeddable":true,"href":"https:\/\/www.123fahrschule.de\/wp-json\/wp\/v2\/comments?post=34531"}],"version-history":[{"count":18,"href":"https:\/\/www.123fahrschule.de\/wp-json\/wp\/v2\/pages\/34531\/revisions"}],"predecessor-version":[{"id":36483,"href":"https:\/\/www.123fahrschule.de\/wp-json\/wp\/v2\/pages\/34531\/revisions\/36483"}],"wp:attachment":[{"href":"https:\/\/www.123fahrschule.de\/wp-json\/wp\/v2\/media?parent=34531"}],"wp:term":[{"taxonomy":"category","embeddable":true,"href":"https:\/\/www.123fahrschule.de\/wp-json\/wp\/v2\/categories?post=34531"}],"curies":[{"name":"wp","href":"https:\/\/api.w.org\/{rel}","templated":true}]}}