{"id":30998,"date":"2024-12-09T14:27:39","date_gmt":"2024-12-09T13:27:39","guid":{"rendered":"https:\/\/www.123fahrschule.de\/?page_id=30998"},"modified":"2025-08-08T14:49:09","modified_gmt":"2025-08-08T12:49:09","slug":"presse","status":"publish","type":"page","link":"https:\/\/www.123fahrschule.de\/presse","title":{"rendered":"Presse"},"content":{"rendered":"\n<div class=\"hero-slider__container \"\n     data-slider-interval=\"5000\">\n    <div class=\"hero-slider__wrapper swiper-wrapper\">\n\n        \n                <div class=\"hero-slider__slide swiper-slide  one-slide  align-center-content \"\n\n                                             style=\"--hero-slider-background: url('https:\/\/media.123fahrschule.de\/wp-content\/uploads\/2024\/10\/24165250\/shutterstock_2488953281-scaled.jpg');                                   --hero-slider-background-mobile: url('https:\/\/media.123fahrschule.de\/wp-content\/uploads\/2024\/10\/24165250\/shutterstock_2488953281-scaled.jpg');\n                               \"\n                                     >\n\n                    \n                            <div class=\"hero-slider__slide__text-content\">\n\n                                <h2>Herzlich willkommen im Pressebereich der 123fahrschule<\/h2>                            <\/div>\n\n                        \n                    <figure class=\"hero-slider__slide__icon no-icon\">\n\n                        \n                    <\/figure>\n\n                    \n<!--                    <figure class=\"hero-slider__slide__icon --><!--\">-->\n<!---->\n<!--                        --><!---->\n<!--                    <\/figure>-->\n                <\/div>\n\n            \n    <\/div>\n    <div class=\"hero-slider__pagination swiper-pagination \">\n    <\/div>\n<\/div>\n\n\n\n<div class=\"icon-cardshelf-container \">\n\n            <div class=\"icon-cardshelf-headlines\">\n\n                            <h2 class=\"icon-cardshelf-title\">Pressekontakt <\/h2>\n            \n                            <p class=\"icon-cardshelf-subtitle body1\">F\u00fcr Medienanfragen, Interviews oder weitere Informationen stehen wir Ihnen gerne zur Verf\u00fcgung. Bitte wenden Sie sich an:<\/p>\n            \n        <\/div>\n    \n    <div class=\"icon-cardshelf-content\">\n\n        \n                <a                         class=\"icon-cardshelf-content__item\">\n                    <div>\n\n                        \n                    <\/div>\n                    <div class=\"icon-cardshelf-content__item_text\">\n                        <div>\n\n                                                            <h5>\n                                    Claudia Bendrat\n                                <\/h5>\n                            \n                                                            <div class=\"\">\n                                    Telefon: +49 40 413096-10\n\nE-Mail: bendrat@borgmeier.de\n                                <\/div>\n                            \n                        <\/div>\n\n                        \n                    <\/div>\n                <\/a>\n\n            \n                <a                         class=\"icon-cardshelf-content__item\">\n                    <div>\n\n                        \n                    <\/div>\n                    <div class=\"icon-cardshelf-content__item_text\">\n                        <div>\n\n                                                            <h5>\n                                    Tanja Muhme\n                                <\/h5>\n                            \n                                                            <div class=\"\">\n                                    Telefon: +49 40 413096-15\n\nE-Mail:<br \/>\nmuhme@borgmeier.de\n                                <\/div>\n                            \n                        <\/div>\n\n                        \n                    <\/div>\n                <\/a>\n\n            \n    <\/div>\n<\/div>\n\n\n\n<div class=\"wp-block-media-text has-media-on-the-right is-stacked-on-mobile\"><div class=\"wp-block-media-text__content\">\n<h2 class=\"wp-block-heading\" id=\"h-uber-123fahrschule\">\u00dcber 123fahrschule<\/h2>\n\n\n\n<p>123fahrschule ist Deutschlands f\u00fchrende digitalisierte Fahrschulkette mit Fokus auf E-Learning. Wir modernisieren die F\u00fchrerscheinausbildung durch digitale L\u00f6sungen. Unsere Kernkompetenz liegt auf der klassischen F\u00fchrerschein-Ausbildung der Klasse B. Dar\u00fcber hinaus bilden wir Fahrlehrer und Berufskraftfahrer aus, um aktiv dem Fachkr\u00e4ftemangel entgegenzuwirken.<\/p>\n\n\n\n<p>Mit mehr als 60 Standorten sind wir die gr\u00f6\u00dfte Fahrschulkette im B-Segment und planen eine Expansion auf bis zu 200 Standorte. Wir sind dankbar f\u00fcr die Auszeichnung mit dem Deutschen Bildungs-Award 2024\/2025, die unsere Fortschritte in Innovation und Qualit\u00e4t w\u00fcrdigt.<\/p>\n<\/div><figure class=\"wp-block-media-text__media\"><img loading=\"lazy\" decoding=\"async\" width=\"1024\" height=\"768\" src=\"https:\/\/media.123fahrschule.de\/wp-content\/uploads\/2024\/12\/09152020\/auto-siegel-1-1024x768.webp\" alt=\"\" class=\"wp-image-31053 size-full\" srcset=\"https:\/\/media.123fahrschule.de\/wp-content\/uploads\/2024\/12\/09152020\/auto-siegel-1-1024x768.webp 1024w, https:\/\/media.123fahrschule.de\/wp-content\/uploads\/2024\/12\/09152020\/auto-siegel-1-300x225.webp 300w, https:\/\/media.123fahrschule.de\/wp-content\/uploads\/2024\/12\/09152020\/auto-siegel-1-768x576.webp 768w, https:\/\/media.123fahrschule.de\/wp-content\/uploads\/2024\/12\/09152020\/auto-siegel-1-1536x1152.webp 1536w, https:\/\/media.123fahrschule.de\/wp-content\/uploads\/2024\/12\/09152020\/auto-siegel-1-2048x1536.webp 2048w\" sizes=\"auto, (max-width: 1024px) 100vw, 1024px\" \/><\/figure><\/div>\n\n\n\n<div class=\"icon-cardshelf-container \">\n\n    \n    <div class=\"icon-cardshelf-content\">\n\n        \n                <a                         class=\"icon-cardshelf-content__item\">\n                    <div>\n\n                                                    <img decoding=\"async\" src=\"https:\/\/media.123fahrschule.de\/wp-content\/uploads\/2024\/12\/10103430\/Fuehrerscheinausbildung-%E2%80%93-2.png?format=webp\"\n                                 alt=\"Fu\u0308hrerscheinausbildung\"\n                                 class=\"icon-cardshelf-content__item_icon\">\n                        \n                    <\/div>\n                    <div class=\"icon-cardshelf-content__item_text\">\n                        <div>\n\n                                                            <h5>\n                                    F\u00fchrerschein-Ausbildung\n                                <\/h5>\n                            \n                            \n                        <\/div>\n\n                        \n                    <\/div>\n                <\/a>\n\n            \n                <a                         class=\"icon-cardshelf-content__item\">\n                    <div>\n\n                                                    <img decoding=\"async\" src=\"https:\/\/media.123fahrschule.de\/wp-content\/uploads\/2024\/12\/10103432\/Berufskraftfahrerausbildung-%E2%80%93-2.png?format=webp\"\n                                 alt=\"Berufskraftfahrerausbildung\"\n                                 class=\"icon-cardshelf-content__item_icon\">\n                        \n                    <\/div>\n                    <div class=\"icon-cardshelf-content__item_text\">\n                        <div>\n\n                                                            <h5>\n                                    Berufskraftfahrer-Ausbildung\n                                <\/h5>\n                            \n                            \n                        <\/div>\n\n                        \n                    <\/div>\n                <\/a>\n\n            \n                <a                         class=\"icon-cardshelf-content__item\">\n                    <div>\n\n                                                    <img decoding=\"async\" src=\"https:\/\/media.123fahrschule.de\/wp-content\/uploads\/2024\/12\/10103431\/Fahrlehrerausbildung-%E2%80%93-1.png?format=webp\"\n                                 alt=\"Fahrlehrerausbildung\"\n                                 class=\"icon-cardshelf-content__item_icon\">\n                        \n                    <\/div>\n                    <div class=\"icon-cardshelf-content__item_text\">\n                        <div>\n\n                                                            <h5>\n                                    Fahrlehrer-Ausbildung\n                                <\/h5>\n                            \n                            \n                        <\/div>\n\n                        \n                    <\/div>\n                <\/a>\n\n            \n                <a                         class=\"icon-cardshelf-content__item\">\n                    <div>\n\n                                                    <img decoding=\"async\" src=\"https:\/\/media.123fahrschule.de\/wp-content\/uploads\/2024\/12\/10103431\/Fahrsimulatoren-%E2%80%93-1.png?format=webp\"\n                                 alt=\"Fahrsimulatoren\"\n                                 class=\"icon-cardshelf-content__item_icon\">\n                        \n                    <\/div>\n                    <div class=\"icon-cardshelf-content__item_text\">\n                        <div>\n\n                                                            <h5>\n                                    Fahrsimulatoren-Vertrieb\n                                <\/h5>\n                            \n                            \n                        <\/div>\n\n                        \n                    <\/div>\n                <\/a>\n\n            \n    <\/div>\n<\/div>\n","protected":false},"excerpt":{"rendered":"<p>\u00dcber 123fahrschule 123fahrschule ist Deutschlands f\u00fchrende digitalisierte Fahrschulkette mit Fokus auf E-Learning. Wir modernisieren die F\u00fchrerscheinausbildung durch digitale L\u00f6sungen. Unsere Kernkompetenz liegt auf der klassischen F\u00fchrerschein-Ausbildung der Klasse B. Dar\u00fcber hinaus bilden wir Fahrlehrer und Berufskraftfahrer aus, um aktiv dem Fachkr\u00e4ftemangel entgegenzuwirken. Mit mehr als 60 Standorten sind wir die gr\u00f6\u00dfte Fahrschulkette im B-Segment und [&hellip;]<\/p>\n","protected":false},"author":3,"featured_media":0,"parent":0,"menu_order":0,"comment_status":"closed","ping_status":"closed","template":"","meta":{"_acf_changed":false,"footnotes":""},"categories":[],"class_list":["post-30998","page","type-page","status-publish","hentry"],"acf":[],"yoast_head":"<!-- This site is optimized with the Yoast SEO Premium plugin v26.8 (Yoast SEO v26.8) - https:\/\/yoast.com\/product\/yoast-seo-premium-wordpress\/ -->\n<title>Presse - 123fahrschule<\/title>\n<meta name=\"description\" content=\"Offizielles Presseportal der 123fahrschule: News, Bilder &amp; Ansprechpartner f\u00fcr Medienanfragen. Jetzt informieren.\" \/>\n<meta name=\"robots\" content=\"index, follow, max-snippet:-1, max-image-preview:large, max-video-preview:-1\" \/>\n<link rel=\"canonical\" href=\"https:\/\/www.123fahrschule.de\/presse\" \/>\n<meta property=\"og:locale\" content=\"de_DE\" \/>\n<meta property=\"og:type\" content=\"website\" \/>\n<meta property=\"og:title\" content=\"Presse\" \/>\n<meta property=\"og:description\" content=\"Offizielles Presseportal der 123fahrschule: News, Bilder &amp; Ansprechpartner f\u00fcr Medienanfragen. Jetzt informieren.\" \/>\n<meta property=\"og:url\" content=\"https:\/\/www.123fahrschule.de\/presse\" \/>\n<meta property=\"og:site_name\" content=\"123fahrschule\" \/>\n<meta property=\"article:publisher\" content=\"https:\/\/www.facebook.com\/123fahrschule.de\/\" \/>\n<meta property=\"article:modified_time\" content=\"2025-08-08T12:49:09+00:00\" \/>\n<meta property=\"og:image\" content=\"https:\/\/www.123fahrschule.de\/wp-content\/uploads\/2024\/12\/auto-siegel-1-1024x768.webp\" \/>\n<meta name=\"twitter:card\" content=\"summary_large_image\" \/>\n<meta name=\"twitter:label1\" content=\"Gesch\u00e4tzte Lesezeit\" \/>\n\t<meta name=\"twitter:data1\" content=\"1\u00a0Minute\" \/>\n<script type=\"application\/ld+json\" class=\"yoast-schema-graph\">{\"@context\":\"https:\/\/schema.org\",\"@graph\":[{\"@type\":\"ImageObject\",\"inLanguage\":\"de\",\"@id\":\"https:\/\/www.123fahrschule.de\/presse#primaryimage\",\"url\":\"https:\/\/www.123fahrschule.de\/wp-content\/uploads\/2024\/12\/auto-siegel-1-1024x768.webp\",\"contentUrl\":\"https:\/\/www.123fahrschule.de\/wp-content\/uploads\/2024\/12\/auto-siegel-1-1024x768.webp\"},{\"@type\":\"BreadcrumbList\",\"@id\":\"https:\/\/www.123fahrschule.de\/presse#breadcrumb\",\"itemListElement\":[{\"@type\":\"ListItem\",\"position\":1,\"name\":\"Home\",\"item\":\"https:\/\/www.123fahrschule.de\/\"},{\"@type\":\"ListItem\",\"position\":2,\"name\":\"Presse\"}]},{\"@type\":\"Organization\",\"@id\":\"https:\/\/www.123fahrschule.de\/#organization\",\"name\":\"123fahrschule Holding GmbH\",\"alternateName\":\"123fahrschule\",\"url\":\"https:\/\/www.123fahrschule.de\/\",\"logo\":{\"@type\":\"ImageObject\",\"inLanguage\":\"de\",\"@id\":\"https:\/\/www.123fahrschule.de\/#\/schema\/logo\/image\/\",\"url\":\"https:\/\/media.123fahrschule.de\/wp-content\/uploads\/2023\/03\/31103901\/123Logo_200x200.jpg?format=webp\",\"contentUrl\":\"https:\/\/media.123fahrschule.de\/wp-content\/uploads\/2023\/03\/31103901\/123Logo_200x200.jpg?format=webp\",\"width\":200,\"height\":200,\"caption\":\"123fahrschule Holding GmbH\"},\"image\":{\"@id\":\"https:\/\/www.123fahrschule.de\/#\/schema\/logo\/image\/\"},\"sameAs\":[\"https:\/\/www.facebook.com\/123fahrschule.de\/\",\"https:\/\/www.tiktok.com\/@123fahrschule\",\"https:\/\/www.instagram.com\/123fahrschule.de\/\",\"https:\/\/www.youtube.com\/c\/123FAHRSCHULE\",\"https:\/\/de.linkedin.com\/company\/123fahrschule\"]}]}<\/script>\n<!-- \/ Yoast SEO Premium plugin. -->","yoast_head_json":{"title":"Presse - 123fahrschule","description":"Offizielles Presseportal der 123fahrschule: News, Bilder & Ansprechpartner f\u00fcr Medienanfragen. Jetzt informieren.","robots":{"index":"index","follow":"follow","max-snippet":"max-snippet:-1","max-image-preview":"max-image-preview:large","max-video-preview":"max-video-preview:-1"},"canonical":"https:\/\/www.123fahrschule.de\/presse","og_locale":"de_DE","og_type":"website","og_title":"Presse","og_description":"Offizielles Presseportal der 123fahrschule: News, Bilder & Ansprechpartner f\u00fcr Medienanfragen. Jetzt informieren.","og_url":"https:\/\/www.123fahrschule.de\/presse","og_site_name":"123fahrschule","article_publisher":"https:\/\/www.facebook.com\/123fahrschule.de\/","article_modified_time":"2025-08-08T12:49:09+00:00","og_image":[{"url":"https:\/\/www.123fahrschule.de\/wp-content\/uploads\/2024\/12\/auto-siegel-1-1024x768.webp","type":"","width":"","height":""}],"twitter_card":"summary_large_image","twitter_misc":{"Gesch\u00e4tzte Lesezeit":"1\u00a0Minute"},"schema":{"@context":"https:\/\/schema.org","@graph":[{"@type":"ImageObject","inLanguage":"de","@id":"https:\/\/www.123fahrschule.de\/presse#primaryimage","url":"https:\/\/www.123fahrschule.de\/wp-content\/uploads\/2024\/12\/auto-siegel-1-1024x768.webp","contentUrl":"https:\/\/www.123fahrschule.de\/wp-content\/uploads\/2024\/12\/auto-siegel-1-1024x768.webp"},{"@type":"BreadcrumbList","@id":"https:\/\/www.123fahrschule.de\/presse#breadcrumb","itemListElement":[{"@type":"ListItem","position":1,"name":"Home","item":"https:\/\/www.123fahrschule.de\/"},{"@type":"ListItem","position":2,"name":"Presse"}]},{"@type":"Organization","@id":"https:\/\/www.123fahrschule.de\/#organization","name":"123fahrschule Holding GmbH","alternateName":"123fahrschule","url":"https:\/\/www.123fahrschule.de\/","logo":{"@type":"ImageObject","inLanguage":"de","@id":"https:\/\/www.123fahrschule.de\/#\/schema\/logo\/image\/","url":"https:\/\/media.123fahrschule.de\/wp-content\/uploads\/2023\/03\/31103901\/123Logo_200x200.jpg?format=webp","contentUrl":"https:\/\/media.123fahrschule.de\/wp-content\/uploads\/2023\/03\/31103901\/123Logo_200x200.jpg?format=webp","width":200,"height":200,"caption":"123fahrschule Holding GmbH"},"image":{"@id":"https:\/\/www.123fahrschule.de\/#\/schema\/logo\/image\/"},"sameAs":["https:\/\/www.facebook.com\/123fahrschule.de\/","https:\/\/www.tiktok.com\/@123fahrschule","https:\/\/www.instagram.com\/123fahrschule.de\/","https:\/\/www.youtube.com\/c\/123FAHRSCHULE","https:\/\/de.linkedin.com\/company\/123fahrschule"]}]}},"_links":{"self":[{"href":"https:\/\/www.123fahrschule.de\/wp-json\/wp\/v2\/pages\/30998","targetHints":{"allow":["GET"]}}],"collection":[{"href":"https:\/\/www.123fahrschule.de\/wp-json\/wp\/v2\/pages"}],"about":[{"href":"https:\/\/www.123fahrschule.de\/wp-json\/wp\/v2\/types\/page"}],"author":[{"embeddable":true,"href":"https:\/\/www.123fahrschule.de\/wp-json\/wp\/v2\/users\/3"}],"replies":[{"embeddable":true,"href":"https:\/\/www.123fahrschule.de\/wp-json\/wp\/v2\/comments?post=30998"}],"version-history":[{"count":37,"href":"https:\/\/www.123fahrschule.de\/wp-json\/wp\/v2\/pages\/30998\/revisions"}],"predecessor-version":[{"id":33708,"href":"https:\/\/www.123fahrschule.de\/wp-json\/wp\/v2\/pages\/30998\/revisions\/33708"}],"wp:attachment":[{"href":"https:\/\/www.123fahrschule.de\/wp-json\/wp\/v2\/media?parent=30998"}],"wp:term":[{"taxonomy":"category","embeddable":true,"href":"https:\/\/www.123fahrschule.de\/wp-json\/wp\/v2\/categories?post=30998"}],"curies":[{"name":"wp","href":"https:\/\/api.w.org\/{rel}","templated":true}]}}